{"id":11793,"date":"2021-11-21T13:05:21","date_gmt":"2021-11-21T12:05:21","guid":{"rendered":"https:\/\/www.yesovens.it\/anwendungen\/arte-bianca-linie\/taos\/"},"modified":"2025-05-13T11:17:51","modified_gmt":"2025-05-13T09:17:51","slug":"taos","status":"publish","type":"page","link":"https:\/\/www.yesovens.it\/de\/profi-elektrobackofen\/konditorei-profi-backofen\/taos\/","title":{"rendered":"TAOS"},"content":{"rendered":"\t\t<div data-elementor-type=\"wp-page\" data-elementor-id=\"11793\" class=\"elementor elementor-11793 elementor-2946\" data-elementor-post-type=\"page\">\n\t\t\t\t\t\t<section class=\"elementor-section elementor-top-section elementor-element elementor-element-103126f elementor-section-full_width elementor-section-height-default elementor-section-height-default parallax_section_no qode_elementor_container_no\" data-id=\"103126f\" data-element_type=\"section\" data-e-type=\"section\" data-settings=\"{&quot;background_background&quot;:&quot;classic&quot;}\">\n\t\t\t\t\t\t<div class=\"elementor-container elementor-column-gap-default\">\n\t\t\t\t\t<div class=\"elementor-column elementor-col-50 elementor-top-column elementor-element elementor-element-b464755\" data-id=\"b464755\" data-element_type=\"column\" data-e-type=\"column\" data-settings=\"{&quot;background_background&quot;:&quot;classic&quot;}\">\n\t\t\t<div class=\"elementor-widget-wrap elementor-element-populated\">\n\t\t\t\t\t\t<div class=\"elementor-element elementor-element-4d5869d elementor-widget elementor-widget-heading\" data-id=\"4d5869d\" data-element_type=\"widget\" data-e-type=\"widget\" data-widget_type=\"heading.default\">\n\t\t\t\t<div class=\"elementor-widget-container\">\n\t\t\t\t\t<p class=\"elementor-heading-title elementor-size-default\">YESOVENS Taos<\/p>\t\t\t\t<\/div>\n\t\t\t\t<\/div>\n\t\t\t\t<div class=\"elementor-element elementor-element-6c2bdb2 elementor-widget elementor-widget-text-editor\" data-id=\"6c2bdb2\" data-element_type=\"widget\" data-e-type=\"widget\" data-widget_type=\"text-editor.default\">\n\t\t\t\t<div class=\"elementor-widget-container\">\n\t\t\t\t\t\t\t\t\t<h3><span style=\"font-weight: 400;\">Digitaler Profi-Komibackofen f\u00fcr Konditoreien, B\u00e4ckereien und Pizzerien<\/span><\/h3>\n\t\t\t\t\t\t\t\t<\/div>\n\t\t\t\t<\/div>\n\t\t\t\t<div class=\"elementor-element elementor-element-49a1dcd elementor-widget elementor-widget-text-editor\" data-id=\"49a1dcd\" data-element_type=\"widget\" data-e-type=\"widget\" data-widget_type=\"text-editor.default\">\n\t\t\t\t<div class=\"elementor-widget-container\">\n\t\t\t\t\t\t\t\t\t<p><b>TAOS ist der Konditorei Kombi-Backofen der Arte Bianca-Linie<\/b><span style=\"font-weight: 400;\"> von Yesovens, der speziell f\u00fcr die anspruchsvollsten Konditoren und B\u00e4ckermeister auf der Suche nach Exzellenz entwickelt und hergestellt wurde. <\/span><\/p>\n<p><span style=\"font-weight: 400;\">W\u00e4hlen Sie zwischen Hei\u00dfluft-, Kombi- und Dampfgaren, stellen Sie die Temperatur dank der digitalen Anzeige von 30 \u00b0 C bis 280 \u00b0 C ein. <\/span><\/p>\n<p><span style=\"font-weight: 400;\">100% Made in Italy, TAOS ist in der Version mit 6 und 10 Backblechen erh\u00e4ltlich.<\/span><\/p>\n\t\t\t\t\t\t\t\t<\/div>\n\t\t\t\t<\/div>\n\t\t\t\t<div class=\"elementor-element elementor-element-413e7b82 elementor-align-left elementor-widget elementor-widget-button\" data-id=\"413e7b82\" data-element_type=\"widget\" data-e-type=\"widget\" data-widget_type=\"button.default\">\n\t\t\t\t<div class=\"elementor-widget-container\">\n\t\t\t\t\t\t\t\t\t<div class=\"elementor-button-wrapper\">\n\t\t\t\t\t<a class=\"elementor-button elementor-button-link elementor-size-sm elementor-animation-grow\" href=\"https:\/\/www.yesovens.it\/de\/profi-elektrobackofen\/konditorei-profi-backofen\/taos\/#merkmale\">\n\t\t\t\t\t\t<span class=\"elementor-button-content-wrapper\">\n\t\t\t\t\t\t<span class=\"elementor-button-icon\">\n\t\t\t\t<i aria-hidden=\"true\" class=\"fas fa-info\"><\/i>\t\t\t<\/span>\n\t\t\t\t\t\t\t\t\t<span class=\"elementor-button-text\"> Merkmale<\/span>\n\t\t\t\t\t<\/span>\n\t\t\t\t\t<\/a>\n\t\t\t\t<\/div>\n\t\t\t\t\t\t\t\t<\/div>\n\t\t\t\t<\/div>\n\t\t\t\t\t<\/div>\n\t\t<\/div>\n\t\t\t\t<div class=\"elementor-column elementor-col-50 elementor-top-column elementor-element elementor-element-32e5602\" data-id=\"32e5602\" data-element_type=\"column\" data-e-type=\"column\" data-settings=\"{&quot;background_background&quot;:&quot;gradient&quot;}\">\n\t\t\t<div class=\"elementor-widget-wrap elementor-element-populated\">\n\t\t\t\t\t\t<div class=\"elementor-element elementor-element-25aaf2b elementor-widget elementor-widget-image\" data-id=\"25aaf2b\" data-element_type=\"widget\" data-e-type=\"widget\" data-settings=\"{&quot;_animation&quot;:&quot;none&quot;}\" data-widget_type=\"image.default\">\n\t\t\t\t<div class=\"elementor-widget-container\">\n\t\t\t\t\t\t\t\t\t\t\t\t\t\t\t<img loading=\"lazy\" decoding=\"async\" width=\"1000\" height=\"777\" src=\"https:\/\/www.yesovens.it\/wp-content\/smush-webp\/2021\/10\/taos.jpg.webp\" class=\"attachment-full size-full wp-image-4432\" alt=\"\" srcset=\"https:\/\/www.yesovens.it\/wp-content\/smush-webp\/2021\/10\/taos.jpg.webp 1000w, https:\/\/www.yesovens.it\/wp-content\/smush-webp\/2021\/10\/taos-300x233.jpg.webp 300w, https:\/\/www.yesovens.it\/wp-content\/smush-webp\/2021\/10\/taos-768x597.jpg.webp 768w, https:\/\/www.yesovens.it\/wp-content\/smush-webp\/2021\/10\/taos-700x544.jpg.webp 700w\" sizes=\"auto, (max-width: 1000px) 100vw, 1000px\" data-smush-webp-fallback=\"{&quot;src&quot;:&quot;https:\\\/\\\/www.yesovens.it\\\/wp-content\\\/uploads\\\/2021\\\/10\\\/taos.jpg&quot;,&quot;srcset&quot;:&quot;https:\\\/\\\/www.yesovens.it\\\/wp-content\\\/uploads\\\/2021\\\/10\\\/taos.jpg 1000w, https:\\\/\\\/www.yesovens.it\\\/wp-content\\\/uploads\\\/2021\\\/10\\\/taos-300x233.jpg 300w, https:\\\/\\\/www.yesovens.it\\\/wp-content\\\/uploads\\\/2021\\\/10\\\/taos-768x597.jpg 768w, https:\\\/\\\/www.yesovens.it\\\/wp-content\\\/uploads\\\/2021\\\/10\\\/taos-700x544.jpg 700w&quot;}\" \/>\t\t\t\t\t\t\t\t\t\t\t\t\t\t\t<\/div>\n\t\t\t\t<\/div>\n\t\t\t\t<div class=\"elementor-element elementor-element-1e988f7 elementor-widget elementor-widget-text-editor\" data-id=\"1e988f7\" data-element_type=\"widget\" data-e-type=\"widget\" data-widget_type=\"text-editor.default\">\n\t\t\t\t<div class=\"elementor-widget-container\">\n\t\t\t\t\t\t\t\t\t<h6><span style=\"font-weight: 400; color: #000000;\"><span style=\"font-weight: 400;\">Mit TAOS, dem Konditorei-, Back- und Pizzaofen von Yesovens, backen Sie jeden Teig perfekt <\/span>.<\/span><\/h6>\n\t\t\t\t\t\t\t\t<\/div>\n\t\t\t\t<\/div>\n\t\t\t\t<div class=\"elementor-element elementor-element-6af424d elementor-widget elementor-widget-template\" data-id=\"6af424d\" data-element_type=\"widget\" data-e-type=\"widget\" data-widget_type=\"template.default\">\n\t\t\t\t<div class=\"elementor-widget-container\">\n\t\t\t\t\t\t\t<div class=\"elementor-template\">\n\t\t\t\t\t<div data-elementor-type=\"container\" data-elementor-id=\"111910\" class=\"elementor elementor-111910 elementor-111674 elementor-111674\" data-elementor-post-type=\"elementor_library\">\n\t\t\t\t<div class=\"elementor-element elementor-element-377a614 e-grid e-con-full e-con e-parent\" data-id=\"377a614\" data-element_type=\"container\" data-e-type=\"container\">\n\t\t\t\t<div class=\"elementor-element elementor-element-81602c3 elementor-align-left configurator-entry-point-button elementor-widget elementor-widget-button\" data-id=\"81602c3\" data-element_type=\"widget\" data-e-type=\"widget\" data-widget_type=\"button.default\">\n\t\t\t\t<div class=\"elementor-widget-container\">\n\t\t\t\t\t\t\t\t\t<div class=\"elementor-button-wrapper\">\n\t\t\t\t\t<a class=\"elementor-button elementor-button-link elementor-size-sm elementor-animation-grow\" href=\"http:\/\/www.yesovens.it\/de\/konfigurator\/?step=1&amp;oven-category=taos-de\">\n\t\t\t\t\t\t<span class=\"elementor-button-content-wrapper\">\n\t\t\t\t\t\t<span class=\"elementor-button-icon\">\n\t\t\t\t<i aria-hidden=\"true\" class=\"fas fa-user-cog\"><\/i>\t\t\t<\/span>\n\t\t\t\t\t\t\t\t\t<span class=\"elementor-button-text\">Konfigurieren<\/span>\n\t\t\t\t\t<\/span>\n\t\t\t\t\t<\/a>\n\t\t\t\t<\/div>\n\t\t\t\t\t\t\t\t<\/div>\n\t\t\t\t<\/div>\n\t\t\t\t<div class=\"elementor-element elementor-element-4d9b5d5 elementor-align-left product-page-button--sheets elementor-widget elementor-widget-button\" data-id=\"4d9b5d5\" data-element_type=\"widget\" data-e-type=\"widget\" data-widget_type=\"button.default\">\n\t\t\t\t<div class=\"elementor-widget-container\">\n\t\t\t\t\t\t\t\t\t<div class=\"elementor-button-wrapper\">\n\t\t\t\t\t<a class=\"elementor-button elementor-button-link elementor-size-sm elementor-animation-grow\" href=\"https:\/\/www.yesovens.it\/de\/profi-elektrobackofen\/konditorei-profi-backofen\/taos\/#datenblatt\">\n\t\t\t\t\t\t<span class=\"elementor-button-content-wrapper\">\n\t\t\t\t\t\t<span class=\"elementor-button-icon\">\n\t\t\t\t<i aria-hidden=\"true\" class=\"far fa-file-pdf\"><\/i>\t\t\t<\/span>\n\t\t\t\t\t\t\t\t\t<span class=\"elementor-button-text\">DATENBL\u00c4TTER<\/span>\n\t\t\t\t\t<\/span>\n\t\t\t\t\t<\/a>\n\t\t\t\t<\/div>\n\t\t\t\t\t\t\t\t<\/div>\n\t\t\t\t<\/div>\n\t\t\t\t<\/div>\n\t\t\t\t<\/div>\n\t\t\t\t<\/div>\n\t\t\t\t\t\t<\/div>\n\t\t\t\t<\/div>\n\t\t\t\t\t<\/div>\n\t\t<\/div>\n\t\t\t\t\t<\/div>\n\t\t<\/section>\n\t\t\t\t<section class=\"elementor-section elementor-top-section elementor-element elementor-element-d04e1b4 elementor-section-full_width elementor-section-height-default elementor-section-height-default parallax_section_no qode_elementor_container_no\" data-id=\"d04e1b4\" data-element_type=\"section\" data-e-type=\"section\" data-settings=\"{&quot;background_background&quot;:&quot;classic&quot;}\">\n\t\t\t\t\t\t<div class=\"elementor-container elementor-column-gap-default\">\n\t\t\t\t\t<div class=\"elementor-column elementor-col-50 elementor-top-column elementor-element elementor-element-24360b6\" data-id=\"24360b6\" data-element_type=\"column\" data-e-type=\"column\" data-settings=\"{&quot;background_background&quot;:&quot;gradient&quot;}\">\n\t\t\t<div class=\"elementor-widget-wrap elementor-element-populated\">\n\t\t\t\t\t\t<div class=\"elementor-element elementor-element-bbe55c9 elementor-widget elementor-widget-text-editor\" data-id=\"bbe55c9\" data-element_type=\"widget\" data-e-type=\"widget\" data-settings=\"{&quot;_animation&quot;:&quot;none&quot;}\" data-widget_type=\"text-editor.default\">\n\t\t\t\t<div class=\"elementor-widget-container\">\n\t\t\t\t\t\t\t\t\t<h3><span style=\"font-weight: 300; color: #ffffff;\">Einwandfreies und homogenes Backen<\/span><\/h3>\n<\/p>\n<p><span style=\"color: #ffffff;\"><span style=\"font-weight: 400;\">Kreativit\u00e4t und Pr\u00e4zision, hochwertige Zutaten, Zeiteinstellung: in einem Konditoreilabor machen Details den Unterschied. Der TAOS Profi-Ofen von Yesovens <strong>backt jedes Rezept fachm\u00e4nnisch<\/strong>, verbessert die Zutaten und ohne Gewichtsverlust. <\/span><\/span><\/p>\n<p><span style=\"color: #ffffff;\">Die digitale Anzeige erm\u00f6glicht Ihnen, jeden Parameter zu \u00e4ndern, auch wenn der Garzyklus bereits begonnen hat; die <strong>Bel\u00fcftung mit automatischer Umkehrung der L\u00fcfterrotation<\/strong> verteilt die W\u00e4rme gleichm\u00e4\u00dfig auf alle Backbleche, um bei jeder Gelegenheit ein homogenes Ergebnis zu erzielen.<\/span><\/p>\n\t\t\t\t\t\t\t\t<\/div>\n\t\t\t\t<\/div>\n\t\t\t\t\t<\/div>\n\t\t<\/div>\n\t\t\t\t<div class=\"elementor-column elementor-col-25 elementor-top-column elementor-element elementor-element-029cfc9 elementor-hidden-tablet elementor-hidden-mobile\" data-id=\"029cfc9\" data-element_type=\"column\" data-e-type=\"column\" data-settings=\"{&quot;background_background&quot;:&quot;classic&quot;}\">\n\t\t\t<div class=\"elementor-widget-wrap\">\n\t\t\t\t\t\t\t<\/div>\n\t\t<\/div>\n\t\t\t\t<div class=\"elementor-column elementor-col-25 elementor-top-column elementor-element elementor-element-6a88ad3 elementor-hidden-tablet\" data-id=\"6a88ad3\" data-element_type=\"column\" data-e-type=\"column\" data-settings=\"{&quot;background_background&quot;:&quot;gradient&quot;}\">\n\t\t\t<div class=\"elementor-widget-wrap elementor-element-populated\">\n\t\t\t\t\t\t<div class=\"elementor-element elementor-element-3191334 elementor-widget elementor-widget-bridge_counter\" data-id=\"3191334\" data-element_type=\"widget\" data-e-type=\"widget\" data-widget_type=\"bridge_counter.default\">\n\t\t\t\t<div class=\"elementor-widget-container\">\n\t\t\t\t\t<div class=\"q_counter_holder  center\" style=\"\" data-digit=\"100\"><span class=\"counter  zero\" style=\"color: #000000;font-size: 50px;font-weight: 300;\">100<\/span><span class=\"separator small\" style=\"background-color: #000000;\"><\/span><p class=\"counter_text\" style=\"font-size: 23px;font-weight: 300;text-transform: capitalize;color: black;\">% EINHEITLICHES ERGEBNIS<\/p><\/div>\t\t\t\t<\/div>\n\t\t\t\t<\/div>\n\t\t\t\t\t<\/div>\n\t\t<\/div>\n\t\t\t\t\t<\/div>\n\t\t<\/section>\n\t\t\t\t<section class=\"elementor-section elementor-top-section elementor-element elementor-element-b7ee80c elementor-section-full_width elementor-section-height-default elementor-section-height-default parallax_section_no qode_elementor_container_no\" data-id=\"b7ee80c\" data-element_type=\"section\" data-e-type=\"section\" data-settings=\"{&quot;background_background&quot;:&quot;classic&quot;}\">\n\t\t\t\t\t\t<div class=\"elementor-container elementor-column-gap-default\">\n\t\t\t\t\t<div class=\"elementor-column elementor-col-50 elementor-top-column elementor-element elementor-element-d467ecf\" data-id=\"d467ecf\" data-element_type=\"column\" data-e-type=\"column\">\n\t\t\t<div class=\"elementor-widget-wrap elementor-element-populated\">\n\t\t\t\t\t\t<div class=\"elementor-element elementor-element-6f7b097 elementor-widget elementor-widget-text-editor\" data-id=\"6f7b097\" data-element_type=\"widget\" data-e-type=\"widget\" data-settings=\"{&quot;_animation&quot;:&quot;none&quot;}\" data-widget_type=\"text-editor.default\">\n\t\t\t\t<div class=\"elementor-widget-container\">\n\t\t\t\t\t\t\t\t\t<h3><span style=\"font-weight: 400;\">Speichern Sie Ihre Lieblingsrezepte<\/span><\/h3>\n<\/p>\n<p><span style=\"font-weight: 400;\">Mit TAOS k\u00f6nnen Sie Ihrer Fantasie freien Lauf lassen und grenzenlos experimentieren: duftende Kekse, leckere Kuchen, Torten, weiche Croissants, perfekt ges\u00e4uerte Pizzen, Brot, Grissini &#8230;<\/span><\/p>\n<p><span style=\"font-weight: 400;\">Halten Sie Ihre Lieblingsrezepte immer griffbereit: der interne Datenspeicher ist auf<\/span><b> 99 Rezepte ausgelegt<\/b><span style=\"font-weight: 400;\">, Sie k\u00f6nnen aber auch<\/span><b> 5 Phasen f\u00fcr jedes Garprogramm<\/b><span style=\"font-weight: 400;\"> speichern und bequem \u00fcber das digitale Multifunktionsdisplay abrufen. <\/span><\/p>\n\t\t\t\t\t\t\t\t<\/div>\n\t\t\t\t<\/div>\n\t\t\t\t\t<\/div>\n\t\t<\/div>\n\t\t\t\t<div class=\"elementor-column elementor-col-25 elementor-top-column elementor-element elementor-element-8ec8bce elementor-hidden-tablet\" data-id=\"8ec8bce\" data-element_type=\"column\" data-e-type=\"column\" data-settings=\"{&quot;background_background&quot;:&quot;gradient&quot;}\">\n\t\t\t<div class=\"elementor-widget-wrap elementor-element-populated\">\n\t\t\t\t\t\t<div class=\"elementor-element elementor-element-d85ff0f elementor-widget elementor-widget-bridge_counter\" data-id=\"d85ff0f\" data-element_type=\"widget\" data-e-type=\"widget\" data-widget_type=\"bridge_counter.default\">\n\t\t\t\t<div class=\"elementor-widget-container\">\n\t\t\t\t\t<div class=\"q_counter_holder  center\" style=\"\" data-digit=\"99\"><span class=\"counter  zero\" style=\"color: #000000;font-size: 50px;font-weight: 300;\">99<\/span><span class=\"separator small\" style=\"background-color: #000000;\"><\/span><p class=\"counter_text\" style=\"font-size: 23px;font-weight: 300;text-transform: capitalize;color: black;\">REZEPTE SPEICHERN<\/p><\/div>\t\t\t\t<\/div>\n\t\t\t\t<\/div>\n\t\t\t\t\t<\/div>\n\t\t<\/div>\n\t\t\t\t<div class=\"elementor-column elementor-col-25 elementor-top-column elementor-element elementor-element-e9c2317 elementor-hidden-tablet elementor-hidden-mobile\" data-id=\"e9c2317\" data-element_type=\"column\" data-e-type=\"column\" data-settings=\"{&quot;background_background&quot;:&quot;classic&quot;}\">\n\t\t\t<div class=\"elementor-widget-wrap\">\n\t\t\t\t\t\t\t<\/div>\n\t\t<\/div>\n\t\t\t\t\t<\/div>\n\t\t<\/section>\n\t\t\t\t<section class=\"elementor-section elementor-top-section elementor-element elementor-element-5f20aee3 elementor-section-full_width elementor-section-height-default elementor-section-height-default parallax_section_no qode_elementor_container_no\" data-id=\"5f20aee3\" data-element_type=\"section\" data-e-type=\"section\" data-settings=\"{&quot;background_background&quot;:&quot;classic&quot;}\">\n\t\t\t\t\t\t<div class=\"elementor-container elementor-column-gap-default\">\n\t\t\t\t\t<div class=\"elementor-column elementor-col-50 elementor-top-column elementor-element elementor-element-26d5ada9\" data-id=\"26d5ada9\" data-element_type=\"column\" data-e-type=\"column\">\n\t\t\t<div class=\"elementor-widget-wrap elementor-element-populated\">\n\t\t\t\t\t\t<div class=\"elementor-element elementor-element-6492633 elementor-widget elementor-widget-text-editor\" data-id=\"6492633\" data-element_type=\"widget\" data-e-type=\"widget\" data-settings=\"{&quot;_animation&quot;:&quot;none&quot;}\" data-widget_type=\"text-editor.default\">\n\t\t\t\t<div class=\"elementor-widget-container\">\n\t\t\t\t\t\t\t\t\t<h3><span style=\"font-weight: 400; color: #000000;\"><span style=\"font-weight: 400;\">Dampf und Feuchtigkeit immer unter Kontrolle<\/span><br \/><\/span><\/h3>\n\t\t\t\t\t\t\t\t<\/div>\n\t\t\t\t<\/div>\n\t\t\t\t<div class=\"elementor-element elementor-element-0eb7a84 elementor-widget elementor-widget-text-editor\" data-id=\"0eb7a84\" data-element_type=\"widget\" data-e-type=\"widget\" data-widget_type=\"text-editor.default\">\n\t\t\t\t<div class=\"elementor-widget-container\">\n\t\t\t\t\t\t\t\t\t<p><span style=\"color: #000000;\"><span style=\"font-weight: 400;\">Die \u00d6fen der Arte Bianca Linie von Yesovens<\/span> <span style=\"font-weight: 400;\">sorgen f\u00fcr maximale Kontrolle, kombiniert mit Vielseitigkeit, im Namen des Endergebnisses. <\/span> <\/span><\/p>\n<p><span style=\"color: #000000;\"><span style=\"font-weight: 400;\"> Mit TAOS k\u00f6nnen Sie dank der<\/span><b> manuellen Zufuhrfunktion die Feuchtigkeit <\/b><span style=\"font-weight: 400;\">jederzeit w\u00e4hrend des Garens <\/span><b>anpassen<\/b><span style=\"font-weight: 400;\">. <\/span> <\/span><\/p>\n<p><span style=\"color: #000000;\"><span style=\"font-weight: 400;\">Die&nbsp;<\/span><b>FastSteam-Technologie<\/b><span style=\"font-weight: 400;\"> hilft Ihnen, einen weiteren entscheidenden Aspekt zu verwalten, n\u00e4mlich sofortigen Dampf zu erzeugen. <\/span> <\/span><\/p>\n<p><span style=\"color: #000000;\"><span style=\"font-weight: 400;\">Sie k\u00f6nnen auch spezielle Zyklen einstellen, wie z. B. eine schnelle Garraumabk\u00fchlung <\/span><span style=\"font-weight: 400;\">und eine Zeitverl\u00e4ngerung am Ende des Garvorgangs. <\/span><\/span><\/p>\t\t\t\t\t\t\t\t<\/div>\n\t\t\t\t<\/div>\n\t\t\t\t\t<\/div>\n\t\t<\/div>\n\t\t\t\t<div class=\"elementor-column elementor-col-50 elementor-top-column elementor-element elementor-element-7ef58d35\" data-id=\"7ef58d35\" data-element_type=\"column\" data-e-type=\"column\">\n\t\t\t<div class=\"elementor-widget-wrap elementor-element-populated\">\n\t\t\t\t\t\t<div class=\"elementor-element elementor-element-50a0e77 elementor-widget elementor-widget-text-editor\" data-id=\"50a0e77\" data-element_type=\"widget\" data-e-type=\"widget\" data-settings=\"{&quot;_animation&quot;:&quot;none&quot;}\" data-widget_type=\"text-editor.default\">\n\t\t\t\t<div class=\"elementor-widget-container\">\n\t\t\t\t\t\t\t\t\t<h3><span style=\"color: #000000;\"><span style=\"font-weight: 400;\">Edelstahlgarraum und Doppelglast\u00fcr<\/span><\/span><\/h3>\n\t\t\t\t\t\t\t\t<\/div>\n\t\t\t\t<\/div>\n\t\t\t\t<div class=\"elementor-element elementor-element-162489ab elementor-widget elementor-widget-text-editor\" data-id=\"162489ab\" data-element_type=\"widget\" data-e-type=\"widget\" data-widget_type=\"text-editor.default\">\n\t\t\t\t<div class=\"elementor-widget-container\">\n\t\t\t\t\t\t\t\t\t<p><span style=\"color: #000000;\"><span style=\"font-weight: 400;\">Alle Arte Bianca Produkte von Yesovens entsprechen den <\/span><b>HACCP-Standards<\/b><span style=\"font-weight: 400;\">.<\/span><\/span><\/p>\n<p><span style=\"color: #000000;\"><span style=\"font-weight: 400;\">Der Garraum aller unserer Back\u00f6fen aus Edelstahl 304 ist <\/span><b>komplett abwaschbar<\/b><span style=\"font-weight: 400;\">.<\/span><\/span><\/p>\n<p><span style=\"color: #000000;\"> <span style=\"font-weight: 400;\">Die<\/span><b> isolierte Doppelglast\u00fcr hat im ge\u00f6ffneten Zustand einen Sicherheitsl\u00fcfterstopp<\/b><span style=\"font-weight: 400;\">: so entweicht die Hitze beim Garen nicht und es besteht keine Gefahr durch Dampf beim \u00d6ffnen des Backofens. <\/span> <span style=\"font-weight: 400;\"><br \/><\/span><span style=\"font-weight: 400;\">Wartung und Funktionspr\u00fcfungen sind sicher und schnell, vereinfacht durch das leicht zug\u00e4ngliche rechte Seitensystem und den Motorraum zusammen mit dem einfach abnehmbaren Bedienfeld. <\/span><\/span><\/p>\n\t\t\t\t\t\t\t\t<\/div>\n\t\t\t\t<\/div>\n\t\t\t\t\t<\/div>\n\t\t<\/div>\n\t\t\t\t\t<\/div>\n\t\t<\/section>\n\t\t\t\t<section class=\"elementor-section elementor-top-section elementor-element elementor-element-102a4bc9 elementor-section-full_width elementor-section-height-default elementor-section-height-default parallax_section_no qode_elementor_container_no\" data-id=\"102a4bc9\" data-element_type=\"section\" data-e-type=\"section\" data-settings=\"{&quot;background_background&quot;:&quot;classic&quot;}\">\n\t\t\t\t\t\t<div class=\"elementor-container elementor-column-gap-narrow\">\n\t\t\t\t\t<div class=\"elementor-column elementor-col-50 elementor-top-column elementor-element elementor-element-72549863\" data-id=\"72549863\" data-element_type=\"column\" data-e-type=\"column\" data-settings=\"{&quot;background_background&quot;:&quot;classic&quot;}\">\n\t\t\t<div class=\"elementor-widget-wrap\">\n\t\t\t\t\t\t\t<\/div>\n\t\t<\/div>\n\t\t\t\t<div class=\"elementor-column elementor-col-50 elementor-top-column elementor-element elementor-element-ae8e1d0\" data-id=\"ae8e1d0\" data-element_type=\"column\" data-e-type=\"column\" data-settings=\"{&quot;background_background&quot;:&quot;classic&quot;}\">\n\t\t\t<div class=\"elementor-widget-wrap elementor-element-populated\">\n\t\t\t\t\t\t<div class=\"elementor-element elementor-element-42f1dd77 animated-fast elementor-widget elementor-widget-image\" data-id=\"42f1dd77\" data-element_type=\"widget\" data-e-type=\"widget\" data-settings=\"{&quot;_animation&quot;:&quot;none&quot;}\" data-widget_type=\"image.default\">\n\t\t\t\t<div class=\"elementor-widget-container\">\n\t\t\t\t\t\t\t\t\t\t\t\t\t\t\t<img loading=\"lazy\" decoding=\"async\" width=\"800\" height=\"688\" src=\"https:\/\/www.yesovens.it\/wp-content\/smush-webp\/2021\/10\/illustrazione-6.png.webp\" class=\"attachment-large size-large wp-image-2240\" alt=\"\" srcset=\"https:\/\/www.yesovens.it\/wp-content\/smush-webp\/2021\/10\/illustrazione-6.png.webp 800w, https:\/\/www.yesovens.it\/wp-content\/smush-webp\/2021\/10\/illustrazione-6-300x258.png.webp 300w, https:\/\/www.yesovens.it\/wp-content\/smush-webp\/2021\/10\/illustrazione-6-768x660.png.webp 768w, https:\/\/www.yesovens.it\/wp-content\/smush-webp\/2021\/10\/illustrazione-6-700x602.png.webp 700w\" sizes=\"auto, (max-width: 800px) 100vw, 800px\" data-smush-webp-fallback=\"{&quot;src&quot;:&quot;https:\\\/\\\/www.yesovens.it\\\/wp-content\\\/uploads\\\/2021\\\/10\\\/illustrazione-6.png&quot;,&quot;srcset&quot;:&quot;https:\\\/\\\/www.yesovens.it\\\/wp-content\\\/uploads\\\/2021\\\/10\\\/illustrazione-6.png 800w, https:\\\/\\\/www.yesovens.it\\\/wp-content\\\/uploads\\\/2021\\\/10\\\/illustrazione-6-300x258.png 300w, https:\\\/\\\/www.yesovens.it\\\/wp-content\\\/uploads\\\/2021\\\/10\\\/illustrazione-6-768x660.png 768w, https:\\\/\\\/www.yesovens.it\\\/wp-content\\\/uploads\\\/2021\\\/10\\\/illustrazione-6-700x602.png 700w&quot;}\" \/>\t\t\t\t\t\t\t\t\t\t\t\t\t\t\t<\/div>\n\t\t\t\t<\/div>\n\t\t\t\t\t<\/div>\n\t\t<\/div>\n\t\t\t\t\t<\/div>\n\t\t<\/section>\n\t\t\t\t<section class=\"elementor-section elementor-top-section elementor-element elementor-element-105d855c elementor-section-full_width elementor-section-height-default elementor-section-height-default parallax_section_no qode_elementor_container_no\" data-id=\"105d855c\" data-element_type=\"section\" data-e-type=\"section\" id=\"merkmale\" data-settings=\"{&quot;background_background&quot;:&quot;classic&quot;}\">\n\t\t\t\t\t\t<div class=\"elementor-container elementor-column-gap-default\">\n\t\t\t\t\t<div class=\"elementor-column elementor-col-100 elementor-top-column elementor-element elementor-element-76cc78eb\" data-id=\"76cc78eb\" data-element_type=\"column\" data-e-type=\"column\">\n\t\t\t<div class=\"elementor-widget-wrap elementor-element-populated\">\n\t\t\t\t\t\t<div class=\"elementor-element elementor-element-61ae0dc elementor-widget elementor-widget-heading\" data-id=\"61ae0dc\" data-element_type=\"widget\" data-e-type=\"widget\" data-widget_type=\"heading.default\">\n\t\t\t\t<div class=\"elementor-widget-container\">\n\t\t\t\t\t<h3 class=\"elementor-heading-title elementor-size-default\">Technische Eigenschaften<\/h3>\t\t\t\t<\/div>\n\t\t\t\t<\/div>\n\t\t\t\t\t<\/div>\n\t\t<\/div>\n\t\t\t\t\t<\/div>\n\t\t<\/section>\n\t\t\t\t<section class=\"elementor-section elementor-top-section elementor-element elementor-element-3efb1db6 elementor-section-boxed elementor-section-height-default elementor-section-height-default parallax_section_no qode_elementor_container_no\" data-id=\"3efb1db6\" data-element_type=\"section\" data-e-type=\"section\" data-settings=\"{&quot;background_background&quot;:&quot;classic&quot;}\">\n\t\t\t\t\t\t<div class=\"elementor-container elementor-column-gap-default\">\n\t\t\t\t\t<div class=\"elementor-column elementor-col-100 elementor-top-column elementor-element elementor-element-50cd96fb\" data-id=\"50cd96fb\" data-element_type=\"column\" data-e-type=\"column\">\n\t\t\t<div class=\"elementor-widget-wrap elementor-element-populated\">\n\t\t\t\t\t\t<div class=\"elementor-element elementor-element-155082b5 elementor-hidden-tablet elementor-hidden-mobile elementor-widget elementor-widget-qi_addons_for_elementor_tabs_horizontal\" data-id=\"155082b5\" data-element_type=\"widget\" data-e-type=\"widget\" data-widget_type=\"qi_addons_for_elementor_tabs_horizontal.default\">\n\t\t\t\t<div class=\"elementor-widget-container\">\n\t\t\t\t\t<div class=\"qodef-shortcode qodef-m qodef-qi-tabs-horizontal qodef-qi-clear qodef-layout--simple qodef-title-hover--underline-draw qodef-title-underline-from-left\">\n\t<ul class=\"qodef-tabs-horizontal-navigation\">\n\t\t<li>\n\t<h6 class=\"qodef-tab-title\" role=\"tab\">\n\t\t<a href=\"#qodef-tab-62f30cb\">\n\t\t\t<span class=\"q-text\">\n\t\t\t\tGaren\t\t\t<\/span>\n\t\t<\/a>\n\t<\/h6>\n<\/li>\n<li>\n\t<h6 class=\"qodef-tab-title\" role=\"tab\">\n\t\t<a href=\"#qodef-tab-8190362\">\n\t\t\t<span class=\"q-text\">\n\t\t\t\tRezepte\t\t\t<\/span>\n\t\t<\/a>\n\t<\/h6>\n<\/li>\n<li>\n\t<h6 class=\"qodef-tab-title\" role=\"tab\">\n\t\t<a href=\"#qodef-tab-ba5b80b\">\n\t\t\t<span class=\"q-text\">\n\t\t\t\tDigitalanzeige\t\t\t<\/span>\n\t\t<\/a>\n\t<\/h6>\n<\/li>\n<li>\n\t<h6 class=\"qodef-tab-title\" role=\"tab\">\n\t\t<a href=\"#qodef-tab-13a8ba5\">\n\t\t\t<span class=\"q-text\">\n\t\t\t\tStruktur und Verbrauch\t\t\t<\/span>\n\t\t<\/a>\n\t<\/h6>\n<\/li>\n<li>\n\t<h6 class=\"qodef-tab-title\" role=\"tab\">\n\t\t<a href=\"#qodef-tab-a7a3a41\">\n\t\t\t<span class=\"q-text\">\n\t\t\t\tReinigung\t\t\t<\/span>\n\t\t<\/a>\n\t<\/h6>\n<\/li>\n\t<\/ul>\n\t<div class=\"qodef-tabs-horizontal-content\" id=\"qodef-tab-62f30cb\">\n\t<ul><li> <span style=\"font-weight: 400\"> Heissluftgaren, kombiniertes Garen und Dampfgaren nach Zeit oder mit Kernsonde <\/span><span style=\"font-weight: 400\">(optional Mehrpunkt-Kernsonde)<\/span><\/li><li><span style=\"font-weight: 400\"> Temperatur einstellbar von 30\u00b0C bis 280\u00b0C<\/span><\/li><li><span style=\"font-weight: 400\"> Manueller und\/oder programmierter Garmodus <\/span><\/li><li><span style=\"font-weight: 400\"> Manuelles und\/oder automatisches Vorheizen, bis auf 280\u00b0 einstellbar<\/span><\/li><li><span style=\"font-weight: 400\"> WARTUNGSZYKLUS am Ende des manuellen und\/oder programmierten Garens<\/span><\/li><li><span style=\"font-weight: 400\"> Spezielle Zyklen: schnelles Abk\u00fchlen des Garraums, Verl\u00e4ngerung der Zeit am Ende des Garvorgangs und schnelles L\u00f6schen der gespeicherten Rezepte<\/span><\/li><li><span style=\"font-weight: 400\"> Manuelle Feuchtigkeitszufuhrfunktion<\/span><\/li><li><span style=\"font-weight: 400\"> FastSteam-Technologie zur sofortigen Dampferzeugung<\/span><\/li><li><span style=\"font-weight: 400\"> Einstellbare Bel\u00fcftungsgeschwindigkeiten (3) und eine Bel\u00fcftung mit Impulsen mit automatischer Umkehrung der Drehrichtung<\/span><\/li><\/ul><\/div>\n<div class=\"qodef-tabs-horizontal-content\" id=\"qodef-tab-8190362\">\n\t<ul><li><span style=\"font-weight: 400\"> Interner Speicher zum Speichern von Rezepten (99)<\/span><\/li><li><span style=\"font-weight: 400\"> Bis zu 5 Garphasen, die f\u00fcr jedes Programm gespeichert werden k\u00f6nnen<\/span><\/li><\/ul><\/div>\n<div class=\"qodef-tabs-horizontal-content\" id=\"qodef-tab-ba5b80b\">\n\t<ul><li><span style=\"font-weight: 400\"> Multifunktions-Digitalanzeige<\/span><\/li><li><span style=\"font-weight: 400\"> Sofortige Anzeige der eingestellten Garparameter<\/span><\/li><li><span style=\"font-weight: 400\"> Visualisierung der angezeigten Alarme mit dem Selbstdiagnosesystem<\/span><\/li><\/ul><\/div>\n<div class=\"qodef-tabs-horizontal-content\" id=\"qodef-tab-13a8ba5\">\n\t<ul><li><span style=\"font-weight: 400\"> Geformte Garraum aus Edelstahl 304<\/span><\/li><li><span style=\"font-weight: 400\"> Bedienfeld aus Edelstahl 304<\/span><\/li><li><span style=\"font-weight: 400\"> Frontstruktur des Ofens mit schraubenlosem System<\/span><\/li><li><span style=\"font-weight: 400\"> Bedienfeld simply-removable<\/span><\/li><li><span style=\"font-weight: 400\"> Rechte Seitenwand simply-approachable<\/span><\/li><li><span style=\"font-weight: 400\"> Motorraum simply-approachable<\/span><\/li><li><span style=\"font-weight: 400\"> Integrierte Kondensatsammelwanne<\/span><\/li><li> <span style=\"font-weight: 400\"> Heissluftgaren, kombiniertes Garen und Dampfgaren nach Zeit oder mit Kernsonde <\/span><span style=\"font-weight: 400\">(optional Mehrpunkt-Kernsonde)<\/span><\/li><li><span style=\"font-weight: 400\"> Integrierter Wasserablass-Siphon<\/span><\/li><li><span style=\"font-weight: 400\"> H\u00f6henverstellbare F\u00fc\u00dfe<\/span><\/li><li><span style=\"font-weight: 400\"> Pr\u00e4disposition stackable kit<\/span><\/li><li><span style=\"font-weight: 400\"> Backblechhalter mit \u201esimply-removable\u201c Struktur<\/span><\/li><li><span style=\"font-weight: 400\"> Ergonomische und leichte Griffstruktur gem\u00e4\u00df HACCP-Standards<\/span><\/li><li><span style=\"font-weight: 400\"> Pr\u00e4disposition zur Umkehrbarkeit der R\/L-T\u00fcr (optional nur bei Bestellung)<\/span><\/li><li><span style=\"font-weight: 400\"> Doppelglas-T\u00fcr mit hoher W\u00e4rmed\u00e4mmung leicht zu inspizierender und safety fanstop beim \u00d6ffnen <\/span><\/li><li><span style=\"font-weight: 400\"> Halogenbeleuchtung mit mehreren Lampen im Garraum<\/span><\/li><\/ul><\/div>\n<div class=\"qodef-tabs-horizontal-content\" id=\"qodef-tab-a7a3a41\">\n\t<ul><li><span style=\"font-weight: 400\"> Automatisches Waschen des Ofens mit Mono-Komponente YesClean 4 + 1 Zyklen (als Option erh\u00e4ltlich)<\/span><\/li><li><span style=\"font-weight: 400\"> Integriertes Einzelprodukt-Waschmittelfach f\u00fcr YesClean Waschen (als Option erh\u00e4ltlich)<\/span><\/li><\/ul><\/div>\n<\/div>\n\t\t\t\t<\/div>\n\t\t\t\t<\/div>\n\t\t\t\t<div class=\"elementor-element elementor-element-3e5c1cb9 elementor-hidden-desktop elementor-widget elementor-widget-qi_addons_for_elementor_accordion\" data-id=\"3e5c1cb9\" data-element_type=\"widget\" data-e-type=\"widget\" data-widget_type=\"qi_addons_for_elementor_accordion.default\">\n\t\t\t\t<div class=\"elementor-widget-container\">\n\t\t\t\t\t<div class=\"qodef-shortcode qodef-m qodef-qi-accordion qodef-qi-clear qodef-behavior--accordion qodef-layout--simple qodef-style--boxed qodef-height--content\">\n\t<h6 class=\"qodef-e-title-holder\">\n\t<span class=\"qodef-e-title\">GAREN<\/span>\n\t<span class=\"qodef-e-mark\">\n\t\t<span class=\"qodef-icon--plus\">\n\t\t\t\t<span class=\"qodef-e-icon\">\n\t\t<i aria-hidden=\"true\" class=\"fas fa-plus\"><\/i>\t<\/span>\n\t\t\t<\/span>\n\t\t<span class=\"qodef-icon--minus\">\n\t\t\t\t<span class=\"qodef-e-icon\">\n\t\t<i aria-hidden=\"true\" class=\"fas fa-minus\"><\/i>\t<\/span>\n\t\t\t<\/span>\n\t<\/span>\n<\/h6>\n<div class=\"qodef-e-content\">\n\t<div class=\"qodef-e-content-inner\">\n\t\t<ul><li>Heissluftgaren, kombiniertes Garen und Dampfgaren nach Zeit oder mit Kernsonde (optional Mehrpunkt-Kernsonde)<\/li><li>Temperatur einstellbar von 30\u00b0C bis 280\u00b0C<\/li><li>Manueller und\/oder programmierter Garmodus <\/li><li>Manuelles und\/oder automatisches Vorheizen, bis auf 280\u00b0 einstellbar<\/li><li>WARTUNGSZYKLUS am Ende des manuellen und\/oder programmierten Garens<\/li><li>Spezielle Zyklen: schnelles Abk\u00fchlen des Garraums, Verl\u00e4ngerung der Zeit am Ende des Garvorgangs und schnelles L\u00f6schen der gespeicherten Rezepte<\/li><li>Manuelle Feuchtigkeitszufuhrfunktion<\/li><li>FastSteam-Technologie zur sofortigen Dampferzeugung<\/li><li>Einstellbare Bel\u00fcftungsgeschwindigkeiten (3) und eine Bel\u00fcftung mit Impulsen mit automatischer Umkehrung der Drehrichtung<\/li><\/ul>\t<\/div>\n<\/div>\n<h6 class=\"qodef-e-title-holder\">\n\t<span class=\"qodef-e-title\">REZEPTE<\/span>\n\t<span class=\"qodef-e-mark\">\n\t\t<span class=\"qodef-icon--plus\">\n\t\t\t\t<span class=\"qodef-e-icon\">\n\t\t<i aria-hidden=\"true\" class=\"fas fa-plus\"><\/i>\t<\/span>\n\t\t\t<\/span>\n\t\t<span class=\"qodef-icon--minus\">\n\t\t\t\t<span class=\"qodef-e-icon\">\n\t\t<i aria-hidden=\"true\" class=\"fas fa-minus\"><\/i>\t<\/span>\n\t\t\t<\/span>\n\t<\/span>\n<\/h6>\n<div class=\"qodef-e-content\">\n\t<div class=\"qodef-e-content-inner\">\n\t\t<ul><li>Interner Speicher zum Speichern von Rezepten (99)<\/li><li>Bis zu 5 Garphasen, die f\u00fcr jedes Programm gespeichert werden k\u00f6nnen<\/li><\/ul>\t<\/div>\n<\/div>\n<h6 class=\"qodef-e-title-holder\">\n\t<span class=\"qodef-e-title\">DIGITALANZEIGE<\/span>\n\t<span class=\"qodef-e-mark\">\n\t\t<span class=\"qodef-icon--plus\">\n\t\t\t\t<span class=\"qodef-e-icon\">\n\t\t<i aria-hidden=\"true\" class=\"fas fa-plus\"><\/i>\t<\/span>\n\t\t\t<\/span>\n\t\t<span class=\"qodef-icon--minus\">\n\t\t\t\t<span class=\"qodef-e-icon\">\n\t\t<i aria-hidden=\"true\" class=\"fas fa-minus\"><\/i>\t<\/span>\n\t\t\t<\/span>\n\t<\/span>\n<\/h6>\n<div class=\"qodef-e-content\">\n\t<div class=\"qodef-e-content-inner\">\n\t\t<ul><li>Multifunktions-Digitalanzeige<\/li><li>Sofortige Anzeige der eingestellten Garparameter<\/li><li>Visualisierung der angezeigten Alarme mit dem Selbstdiagnosesystem<\/li><\/ul>\t<\/div>\n<\/div>\n<h6 class=\"qodef-e-title-holder\">\n\t<span class=\"qodef-e-title\">STRUKTUR UND VERBRAUCH<\/span>\n\t<span class=\"qodef-e-mark\">\n\t\t<span class=\"qodef-icon--plus\">\n\t\t\t\t<span class=\"qodef-e-icon\">\n\t\t<i aria-hidden=\"true\" class=\"fas fa-plus\"><\/i>\t<\/span>\n\t\t\t<\/span>\n\t\t<span class=\"qodef-icon--minus\">\n\t\t\t\t<span class=\"qodef-e-icon\">\n\t\t<i aria-hidden=\"true\" class=\"fas fa-minus\"><\/i>\t<\/span>\n\t\t\t<\/span>\n\t<\/span>\n<\/h6>\n<div class=\"qodef-e-content\">\n\t<div class=\"qodef-e-content-inner\">\n\t\t<ul><li>Geformte Garraum aus Edelstahl 304<\/li><li>Bedienfeld aus Edelstahl 304<\/li><li>Frontstruktur des Ofens mit schraubenlosem System<\/li><li>Bedienfeld simply-removable<\/li><li>Rechte Seitenwand simply-approachable<\/li><li>Motorraum simply-approachable<\/li><li>Integrierte Kondensatsammelwanne<\/li><li>Mehrpunkt-Kernsonde mit externem Anschluss an die Garkammer (optionale Mehrpunkt-Kernsonde)<\/li><li>Integrierter Wasserablass-Siphon<\/li><li>H\u00f6henverstellbare F\u00fc\u00dfe<\/li><li>Pr\u00e4disposition stackable kit<\/li><li>Backblechhalter mit \u201esimply-removable\u201c Struktur<\/li><li>Ergonomische und leichte Griffstruktur gem\u00e4\u00df HACCP-Standards<\/li><li>Pr\u00e4disposition zur Umkehrbarkeit der R\/L-T\u00fcr (optional nur bei Bestellung)<\/li><li>Doppelglas-T\u00fcr mit hoher W\u00e4rmed\u00e4mmung leicht zu inspizierender und safety fanstop beim \u00d6ffnen <\/li><li>Halogenbeleuchtung mit mehreren Lampen im Garraum<\/li><\/ul>\t<\/div>\n<\/div>\n<h6 class=\"qodef-e-title-holder\">\n\t<span class=\"qodef-e-title\">REINIGUNG<\/span>\n\t<span class=\"qodef-e-mark\">\n\t\t<span class=\"qodef-icon--plus\">\n\t\t\t\t<span class=\"qodef-e-icon\">\n\t\t<i aria-hidden=\"true\" class=\"fas fa-plus\"><\/i>\t<\/span>\n\t\t\t<\/span>\n\t\t<span class=\"qodef-icon--minus\">\n\t\t\t\t<span class=\"qodef-e-icon\">\n\t\t<i aria-hidden=\"true\" class=\"fas fa-minus\"><\/i>\t<\/span>\n\t\t\t<\/span>\n\t<\/span>\n<\/h6>\n<div class=\"qodef-e-content\">\n\t<div class=\"qodef-e-content-inner\">\n\t\t<ul><li>Automatisches Waschen des Ofens mit Mono-Komponente YesClean 4 + 1 Zyklen (als Option erh\u00e4ltlich)<\/li><li>Integriertes Einzelprodukt-Waschmittelfach f\u00fcr YesClean Waschen (als Option erh\u00e4ltlich)<\/li><\/ul>\t<\/div>\n<\/div>\n<\/div>\n\t\t\t\t<\/div>\n\t\t\t\t<\/div>\n\t\t\t\t\t<\/div>\n\t\t<\/div>\n\t\t\t\t\t<\/div>\n\t\t<\/section>\n\t\t\t\t<section class=\"elementor-section elementor-top-section elementor-element elementor-element-028bce0 elementor-section-full_width elementor-section-height-default elementor-section-height-default parallax_section_no qode_elementor_container_no\" data-id=\"028bce0\" data-element_type=\"section\" data-e-type=\"section\" id=\"datenblatt\" data-settings=\"{&quot;background_background&quot;:&quot;classic&quot;}\">\n\t\t\t\t\t\t<div class=\"elementor-container elementor-column-gap-default\">\n\t\t\t\t\t<div class=\"elementor-column elementor-col-100 elementor-top-column elementor-element elementor-element-5b93571\" data-id=\"5b93571\" data-element_type=\"column\" data-e-type=\"column\">\n\t\t\t<div class=\"elementor-widget-wrap elementor-element-populated\">\n\t\t\t\t\t\t<div class=\"elementor-element elementor-element-e554d97 elementor-widget elementor-widget-text-editor\" data-id=\"e554d97\" data-element_type=\"widget\" data-e-type=\"widget\" data-settings=\"{&quot;_animation&quot;:&quot;none&quot;}\" data-widget_type=\"text-editor.default\">\n\t\t\t\t<div class=\"elementor-widget-container\">\n\t\t\t\t\t\t\t\t\t<h3 style=\"text-align: center;\"><span style=\"color: #000000;\">Technische Datenbl\u00e4tter und Handb\u00fccher<\/span><\/h3>\n\t\t\t\t\t\t\t\t<\/div>\n\t\t\t\t<\/div>\n\t\t\t\t<div class=\"elementor-element elementor-element-8590cfa elementor-align-center elementor-widget elementor-widget-button\" data-id=\"8590cfa\" data-element_type=\"widget\" data-e-type=\"widget\" data-widget_type=\"button.default\">\n\t\t\t\t<div class=\"elementor-widget-container\">\n\t\t\t\t\t\t\t\t\t<div class=\"elementor-button-wrapper\">\n\t\t\t\t\t<a class=\"elementor-button elementor-button-link elementor-size-sm elementor-animation-grow\" href=\"https:\/\/www.yesovens.it\/wp-content\/uploads\/2021\/12\/393900119-DATA_SHEET_TAOS_6T_G19.pdf\" target=\"_blank\">\n\t\t\t\t\t\t<span class=\"elementor-button-content-wrapper\">\n\t\t\t\t\t\t<span class=\"elementor-button-icon\">\n\t\t\t\t<i aria-hidden=\"true\" class=\"far fa-file-pdf\"><\/i>\t\t\t<\/span>\n\t\t\t\t\t\t\t\t\t<span class=\"elementor-button-text\"> TAOS Datenblatt 6 Backbleche<\/span>\n\t\t\t\t\t<\/span>\n\t\t\t\t\t<\/a>\n\t\t\t\t<\/div>\n\t\t\t\t\t\t\t\t<\/div>\n\t\t\t\t<\/div>\n\t\t\t\t<div class=\"elementor-element elementor-element-0049046 elementor-align-center elementor-widget elementor-widget-button\" data-id=\"0049046\" data-element_type=\"widget\" data-e-type=\"widget\" data-widget_type=\"button.default\">\n\t\t\t\t<div class=\"elementor-widget-container\">\n\t\t\t\t\t\t\t\t\t<div class=\"elementor-button-wrapper\">\n\t\t\t\t\t<a class=\"elementor-button elementor-button-link elementor-size-sm elementor-animation-grow\" href=\"https:\/\/www.yesovens.it\/wp-content\/uploads\/2021\/12\/393900120-DATA_SHEET_TAOS_10T_G19.pdf\" target=\"_blank\">\n\t\t\t\t\t\t<span class=\"elementor-button-content-wrapper\">\n\t\t\t\t\t\t<span class=\"elementor-button-icon\">\n\t\t\t\t<i aria-hidden=\"true\" class=\"far fa-file-pdf\"><\/i>\t\t\t<\/span>\n\t\t\t\t\t\t\t\t\t<span class=\"elementor-button-text\"> TAOS Datenblatt 10 Backbleche<\/span>\n\t\t\t\t\t<\/span>\n\t\t\t\t\t<\/a>\n\t\t\t\t<\/div>\n\t\t\t\t\t\t\t\t<\/div>\n\t\t\t\t<\/div>\n\t\t\t\t<div class=\"elementor-element elementor-element-317c0d6 elementor-align-center elementor-widget elementor-widget-button\" data-id=\"317c0d6\" data-element_type=\"widget\" data-e-type=\"widget\" data-widget_type=\"button.default\">\n\t\t\t\t<div class=\"elementor-widget-container\">\n\t\t\t\t\t\t\t\t\t<div class=\"elementor-button-wrapper\">\n\t\t\t\t\t<a class=\"elementor-button elementor-button-link elementor-size-sm elementor-animation-grow\" href=\"https:\/\/www.yesovens.it\/wp-content\/uploads\/2020\/10\/353500056-Digitale-Linie-Ofen-Bedienungsanleitung-De-R15092020.pdf\" target=\"_blank\">\n\t\t\t\t\t\t<span class=\"elementor-button-content-wrapper\">\n\t\t\t\t\t\t<span class=\"elementor-button-icon\">\n\t\t\t\t<i aria-hidden=\"true\" class=\"far fa-file-pdf\"><\/i>\t\t\t<\/span>\n\t\t\t\t\t\t\t\t\t<span class=\"elementor-button-text\"> TAOS-Bedienungsanleitung<\/span>\n\t\t\t\t\t<\/span>\n\t\t\t\t\t<\/a>\n\t\t\t\t<\/div>\n\t\t\t\t\t\t\t\t<\/div>\n\t\t\t\t<\/div>\n\t\t\t\t<div class=\"elementor-element elementor-element-10d44c4 elementor-align-center elementor-widget elementor-widget-button\" data-id=\"10d44c4\" data-element_type=\"widget\" data-e-type=\"widget\" data-widget_type=\"button.default\">\n\t\t\t\t<div class=\"elementor-widget-container\">\n\t\t\t\t\t\t\t\t\t<div class=\"elementor-button-wrapper\">\n\t\t\t\t\t<a class=\"elementor-button elementor-button-link elementor-size-sm elementor-animation-grow\" href=\"https:\/\/www.yesovens.it\/wp-content\/uploads\/2020\/10\/353500057-Installations-und-Bedienungsanleitung-Digitalline-Ofen-R15092020.pdf\" target=\"_blank\">\n\t\t\t\t\t\t<span class=\"elementor-button-content-wrapper\">\n\t\t\t\t\t\t<span class=\"elementor-button-icon\">\n\t\t\t\t<i aria-hidden=\"true\" class=\"far fa-file-pdf\"><\/i>\t\t\t<\/span>\n\t\t\t\t\t\t\t\t\t<span class=\"elementor-button-text\"> TAOS-Benutzer- und Installationshandbuch<\/span>\n\t\t\t\t\t<\/span>\n\t\t\t\t\t<\/a>\n\t\t\t\t<\/div>\n\t\t\t\t\t\t\t\t<\/div>\n\t\t\t\t<\/div>\n\t\t\t\t\t<\/div>\n\t\t<\/div>\n\t\t\t\t\t<\/div>\n\t\t<\/section>\n\t\t\t\t<section class=\"elementor-section elementor-top-section elementor-element elementor-element-576a273a elementor-section-boxed elementor-section-height-default elementor-section-height-default parallax_section_no qode_elementor_container_no\" data-id=\"576a273a\" data-element_type=\"section\" data-e-type=\"section\" data-settings=\"{&quot;background_background&quot;:&quot;classic&quot;}\">\n\t\t\t\t\t\t<div class=\"elementor-container elementor-column-gap-default\">\n\t\t\t\t\t<div class=\"elementor-column elementor-col-100 elementor-top-column elementor-element elementor-element-645c0ef\" data-id=\"645c0ef\" data-element_type=\"column\" data-e-type=\"column\">\n\t\t\t<div class=\"elementor-widget-wrap elementor-element-populated\">\n\t\t\t\t\t\t<div class=\"elementor-element elementor-element-3a475911 elementor-widget elementor-widget-heading\" data-id=\"3a475911\" data-element_type=\"widget\" data-e-type=\"widget\" data-widget_type=\"heading.default\">\n\t\t\t\t<div class=\"elementor-widget-container\">\n\t\t\t\t\t<h3 class=\"elementor-heading-title elementor-size-default\">Komplette Produktlinie von Arte Bianca<\/h3>\t\t\t\t<\/div>\n\t\t\t\t<\/div>\n\t\t\t\t<div class=\"elementor-element elementor-element-200582d8 elementor-widget elementor-widget-text-editor\" data-id=\"200582d8\" data-element_type=\"widget\" data-e-type=\"widget\" data-widget_type=\"text-editor.default\">\n\t\t\t\t<div class=\"elementor-widget-container\">\n\t\t\t\t\t\t\t\t\t<p><span style=\"color: #ffffff;\">Klicken Sie auf das Bild, um das spezifische Produktblatt anzuzeigen.<\/span><\/p>\n\t\t\t\t\t\t\t\t<\/div>\n\t\t\t\t<\/div>\n\t\t\t\t\t<\/div>\n\t\t<\/div>\n\t\t\t\t\t<\/div>\n\t\t<\/section>\n\t\t\t\t<section class=\"elementor-section elementor-top-section elementor-element elementor-element-5300eff elementor-section-boxed elementor-section-height-default elementor-section-height-default parallax_section_no qode_elementor_container_no\" data-id=\"5300eff\" data-element_type=\"section\" data-e-type=\"section\" data-settings=\"{&quot;background_background&quot;:&quot;classic&quot;}\">\n\t\t\t\t\t\t<div class=\"elementor-container elementor-column-gap-default\">\n\t\t\t\t\t<div class=\"elementor-column elementor-col-25 elementor-top-column elementor-element elementor-element-a7348df\" data-id=\"a7348df\" data-element_type=\"column\" data-e-type=\"column\">\n\t\t\t<div class=\"elementor-widget-wrap elementor-element-populated\">\n\t\t\t\t\t\t<div class=\"elementor-element elementor-element-25434ba elementor-widget elementor-widget-image\" data-id=\"25434ba\" data-element_type=\"widget\" data-e-type=\"widget\" data-widget_type=\"image.default\">\n\t\t\t\t<div class=\"elementor-widget-container\">\n\t\t\t\t\t\t\t\t\t\t\t\t\t\t\t\t<a href=\"https:\/\/www.yesovens.it\/de\/profi-elektrobackofen\/konditorei-profi-backofen\/star\/\">\n\t\t\t\t\t\t\t<img loading=\"lazy\" decoding=\"async\" width=\"1000\" height=\"777\" src=\"https:\/\/www.yesovens.it\/wp-content\/smush-webp\/2021\/10\/star-1.jpg.webp\" class=\"attachment-large size-large wp-image-4428\" alt=\"\" srcset=\"https:\/\/www.yesovens.it\/wp-content\/smush-webp\/2021\/10\/star-1.jpg.webp 1000w, https:\/\/www.yesovens.it\/wp-content\/smush-webp\/2021\/10\/star-1-300x233.jpg.webp 300w, https:\/\/www.yesovens.it\/wp-content\/smush-webp\/2021\/10\/star-1-768x597.jpg.webp 768w, https:\/\/www.yesovens.it\/wp-content\/smush-webp\/2021\/10\/star-1-700x544.jpg.webp 700w\" sizes=\"auto, (max-width: 1000px) 100vw, 1000px\" data-smush-webp-fallback=\"{&quot;src&quot;:&quot;https:\\\/\\\/www.yesovens.it\\\/wp-content\\\/uploads\\\/2021\\\/10\\\/star-1.jpg&quot;,&quot;srcset&quot;:&quot;https:\\\/\\\/www.yesovens.it\\\/wp-content\\\/uploads\\\/2021\\\/10\\\/star-1.jpg 1000w, https:\\\/\\\/www.yesovens.it\\\/wp-content\\\/uploads\\\/2021\\\/10\\\/star-1-300x233.jpg 300w, https:\\\/\\\/www.yesovens.it\\\/wp-content\\\/uploads\\\/2021\\\/10\\\/star-1-768x597.jpg 768w, https:\\\/\\\/www.yesovens.it\\\/wp-content\\\/uploads\\\/2021\\\/10\\\/star-1-700x544.jpg 700w&quot;}\" \/>\t\t\t\t\t\t\t\t<\/a>\n\t\t\t\t\t\t\t\t\t\t\t\t\t\t\t<\/div>\n\t\t\t\t<\/div>\n\t\t\t\t<div class=\"elementor-element elementor-element-5a02b3b elementor-widget elementor-widget-text-editor\" data-id=\"5a02b3b\" data-element_type=\"widget\" data-e-type=\"widget\" data-widget_type=\"text-editor.default\">\n\t\t\t\t<div class=\"elementor-widget-container\">\n\t\t\t\t\t\t\t\t\t<p style=\"text-align: center;\"><a href=\"https:\/\/www.yesovens.it\/de\/profi-elektrobackofen\/konditorei-profi-backofen\/star\/\"><span style=\"color: #ffffff;\">STAR<\/span><\/a><\/p>\t\t\t\t\t\t\t\t<\/div>\n\t\t\t\t<\/div>\n\t\t\t\t\t<\/div>\n\t\t<\/div>\n\t\t\t\t<div class=\"elementor-column elementor-col-25 elementor-top-column elementor-element elementor-element-bbd61f8\" data-id=\"bbd61f8\" data-element_type=\"column\" data-e-type=\"column\">\n\t\t\t<div class=\"elementor-widget-wrap elementor-element-populated\">\n\t\t\t\t\t\t<div class=\"elementor-element elementor-element-b53b0ca elementor-widget elementor-widget-image\" data-id=\"b53b0ca\" data-element_type=\"widget\" data-e-type=\"widget\" data-widget_type=\"image.default\">\n\t\t\t\t<div class=\"elementor-widget-container\">\n\t\t\t\t\t\t\t\t\t\t\t\t\t\t\t\t<a href=\"https:\/\/www.yesovens.it\/de\/profi-elektrobackofen\/konditorei-profi-backofen\/taos\">\n\t\t\t\t\t\t\t<img loading=\"lazy\" decoding=\"async\" width=\"1000\" height=\"777\" src=\"https:\/\/www.yesovens.it\/wp-content\/smush-webp\/2021\/10\/taos.jpg.webp\" class=\"attachment-large size-large wp-image-4432\" alt=\"\" srcset=\"https:\/\/www.yesovens.it\/wp-content\/smush-webp\/2021\/10\/taos.jpg.webp 1000w, https:\/\/www.yesovens.it\/wp-content\/smush-webp\/2021\/10\/taos-300x233.jpg.webp 300w, https:\/\/www.yesovens.it\/wp-content\/smush-webp\/2021\/10\/taos-768x597.jpg.webp 768w, https:\/\/www.yesovens.it\/wp-content\/smush-webp\/2021\/10\/taos-700x544.jpg.webp 700w\" sizes=\"auto, (max-width: 1000px) 100vw, 1000px\" data-smush-webp-fallback=\"{&quot;src&quot;:&quot;https:\\\/\\\/www.yesovens.it\\\/wp-content\\\/uploads\\\/2021\\\/10\\\/taos.jpg&quot;,&quot;srcset&quot;:&quot;https:\\\/\\\/www.yesovens.it\\\/wp-content\\\/uploads\\\/2021\\\/10\\\/taos.jpg 1000w, https:\\\/\\\/www.yesovens.it\\\/wp-content\\\/uploads\\\/2021\\\/10\\\/taos-300x233.jpg 300w, https:\\\/\\\/www.yesovens.it\\\/wp-content\\\/uploads\\\/2021\\\/10\\\/taos-768x597.jpg 768w, https:\\\/\\\/www.yesovens.it\\\/wp-content\\\/uploads\\\/2021\\\/10\\\/taos-700x544.jpg 700w&quot;}\" \/>\t\t\t\t\t\t\t\t<\/a>\n\t\t\t\t\t\t\t\t\t\t\t\t\t\t\t<\/div>\n\t\t\t\t<\/div>\n\t\t\t\t<div class=\"elementor-element elementor-element-a393a35 elementor-widget elementor-widget-text-editor\" data-id=\"a393a35\" data-element_type=\"widget\" data-e-type=\"widget\" data-widget_type=\"text-editor.default\">\n\t\t\t\t<div class=\"elementor-widget-container\">\n\t\t\t\t\t\t\t\t\t<p style=\"text-align: center;\"><span style=\"color: #ffffff;\"><a style=\"color: #ffffff;\" href=\"https:\/\/www.yesovens.it\/de\/profi-elektrobackofen\/konditorei-profi-backofen\/taos\">TAOS<\/a><\/span><\/p>\t\t\t\t\t\t\t\t<\/div>\n\t\t\t\t<\/div>\n\t\t\t\t\t<\/div>\n\t\t<\/div>\n\t\t\t\t<div class=\"elementor-column elementor-col-25 elementor-top-column elementor-element elementor-element-2ce5547\" data-id=\"2ce5547\" data-element_type=\"column\" data-e-type=\"column\">\n\t\t\t<div class=\"elementor-widget-wrap elementor-element-populated\">\n\t\t\t\t\t\t<div class=\"elementor-element elementor-element-aaad7a4 elementor-widget elementor-widget-image\" data-id=\"aaad7a4\" data-element_type=\"widget\" data-e-type=\"widget\" data-widget_type=\"image.default\">\n\t\t\t\t<div class=\"elementor-widget-container\">\n\t\t\t\t\t\t\t\t\t\t\t\t\t\t\t\t<a href=\"https:\/\/www.yesovens.it\/de\/profi-elektrobackofen\/konditorei-profi-backofen\/karma\/\">\n\t\t\t\t\t\t\t<img loading=\"lazy\" decoding=\"async\" width=\"800\" height=\"622\" src=\"https:\/\/www.yesovens.it\/wp-content\/smush-webp\/2021\/10\/karma1-1.jpg.webp\" class=\"attachment-large size-large wp-image-4420\" alt=\"\" srcset=\"https:\/\/www.yesovens.it\/wp-content\/smush-webp\/2021\/10\/karma1-1.jpg.webp 800w, https:\/\/www.yesovens.it\/wp-content\/smush-webp\/2021\/10\/karma1-1-300x233.jpg.webp 300w, https:\/\/www.yesovens.it\/wp-content\/smush-webp\/2021\/10\/karma1-1-768x597.jpg.webp 768w, https:\/\/www.yesovens.it\/wp-content\/smush-webp\/2021\/10\/karma1-1-700x544.jpg.webp 700w\" sizes=\"auto, (max-width: 800px) 100vw, 800px\" data-smush-webp-fallback=\"{&quot;src&quot;:&quot;https:\\\/\\\/www.yesovens.it\\\/wp-content\\\/uploads\\\/2021\\\/10\\\/karma1-1.jpg&quot;,&quot;srcset&quot;:&quot;https:\\\/\\\/www.yesovens.it\\\/wp-content\\\/uploads\\\/2021\\\/10\\\/karma1-1.jpg 800w, https:\\\/\\\/www.yesovens.it\\\/wp-content\\\/uploads\\\/2021\\\/10\\\/karma1-1-300x233.jpg 300w, https:\\\/\\\/www.yesovens.it\\\/wp-content\\\/uploads\\\/2021\\\/10\\\/karma1-1-768x597.jpg 768w, https:\\\/\\\/www.yesovens.it\\\/wp-content\\\/uploads\\\/2021\\\/10\\\/karma1-1-700x544.jpg 700w&quot;}\" \/>\t\t\t\t\t\t\t\t<\/a>\n\t\t\t\t\t\t\t\t\t\t\t\t\t\t\t<\/div>\n\t\t\t\t<\/div>\n\t\t\t\t<div class=\"elementor-element elementor-element-9b42743 elementor-widget elementor-widget-text-editor\" data-id=\"9b42743\" data-element_type=\"widget\" data-e-type=\"widget\" data-widget_type=\"text-editor.default\">\n\t\t\t\t<div class=\"elementor-widget-container\">\n\t\t\t\t\t\t\t\t\t<p style=\"text-align: center;\"><a href=\"https:\/\/www.yesovens.it\/de\/profi-elektrobackofen\/konditorei-profi-backofen\/karma\/\"><span style=\"color: #000000;\"><span style=\"color: #ffffff;\">KARMA<\/span><\/span><\/a><\/p>\t\t\t\t\t\t\t\t<\/div>\n\t\t\t\t<\/div>\n\t\t\t\t\t<\/div>\n\t\t<\/div>\n\t\t\t\t<div class=\"elementor-column elementor-col-25 elementor-top-column elementor-element elementor-element-d235e3c\" data-id=\"d235e3c\" data-element_type=\"column\" data-e-type=\"column\">\n\t\t\t<div class=\"elementor-widget-wrap elementor-element-populated\">\n\t\t\t\t\t\t<div class=\"elementor-element elementor-element-a4a17fd elementor-widget elementor-widget-image\" data-id=\"a4a17fd\" data-element_type=\"widget\" data-e-type=\"widget\" data-widget_type=\"image.default\">\n\t\t\t\t<div class=\"elementor-widget-container\">\n\t\t\t\t\t\t\t\t\t\t\t\t\t\t\t\t<a href=\"https:\/\/www.yesovens.it\/de\/profi-elektrobackofen\/konditorei-profi-backofen\/stacked\/\">\n\t\t\t\t\t\t\t<img loading=\"lazy\" decoding=\"async\" width=\"1000\" height=\"777\" src=\"https:\/\/www.yesovens.it\/wp-content\/smush-webp\/2021\/10\/torre1.jpg.webp\" class=\"attachment-large size-large wp-image-4440\" alt=\"\" srcset=\"https:\/\/www.yesovens.it\/wp-content\/smush-webp\/2021\/10\/torre1.jpg.webp 1000w, https:\/\/www.yesovens.it\/wp-content\/smush-webp\/2021\/10\/torre1-300x233.jpg.webp 300w, https:\/\/www.yesovens.it\/wp-content\/smush-webp\/2021\/10\/torre1-768x597.jpg.webp 768w, https:\/\/www.yesovens.it\/wp-content\/smush-webp\/2021\/10\/torre1-700x544.jpg.webp 700w\" sizes=\"auto, (max-width: 1000px) 100vw, 1000px\" data-smush-webp-fallback=\"{&quot;src&quot;:&quot;https:\\\/\\\/www.yesovens.it\\\/wp-content\\\/uploads\\\/2021\\\/10\\\/torre1.jpg&quot;,&quot;srcset&quot;:&quot;https:\\\/\\\/www.yesovens.it\\\/wp-content\\\/uploads\\\/2021\\\/10\\\/torre1.jpg 1000w, https:\\\/\\\/www.yesovens.it\\\/wp-content\\\/uploads\\\/2021\\\/10\\\/torre1-300x233.jpg 300w, https:\\\/\\\/www.yesovens.it\\\/wp-content\\\/uploads\\\/2021\\\/10\\\/torre1-768x597.jpg 768w, https:\\\/\\\/www.yesovens.it\\\/wp-content\\\/uploads\\\/2021\\\/10\\\/torre1-700x544.jpg 700w&quot;}\" \/>\t\t\t\t\t\t\t\t<\/a>\n\t\t\t\t\t\t\t\t\t\t\t\t\t\t\t<\/div>\n\t\t\t\t<\/div>\n\t\t\t\t<div class=\"elementor-element elementor-element-3fe76e9 elementor-widget elementor-widget-text-editor\" data-id=\"3fe76e9\" data-element_type=\"widget\" data-e-type=\"widget\" data-widget_type=\"text-editor.default\">\n\t\t\t\t<div class=\"elementor-widget-container\">\n\t\t\t\t\t\t\t\t\t<p style=\"text-align: center;\"><a href=\"https:\/\/www.yesovens.it\/de\/profi-elektrobackofen\/konditorei-profi-backofen\/stacked\/\"><span style=\"color: #000000;\"><span style=\"color: #ffffff;\">STACKED<\/span><\/span><\/a><\/p>\t\t\t\t\t\t\t\t<\/div>\n\t\t\t\t<\/div>\n\t\t\t\t\t<\/div>\n\t\t<\/div>\n\t\t\t\t\t<\/div>\n\t\t<\/section>\n\t\t\t\t<section class=\"elementor-section elementor-top-section elementor-element elementor-element-6867f3e7 animated-fast elementor-section-boxed elementor-section-height-default elementor-section-height-default parallax_section_no qode_elementor_container_no\" data-id=\"6867f3e7\" data-element_type=\"section\" data-e-type=\"section\" data-settings=\"{&quot;background_background&quot;:&quot;classic&quot;,&quot;animation&quot;:&quot;none&quot;}\">\n\t\t\t\t\t\t\t<div class=\"elementor-background-overlay\"><\/div>\n\t\t\t\t\t\t\t<div class=\"elementor-container elementor-column-gap-default\">\n\t\t\t\t\t<div class=\"elementor-column elementor-col-100 elementor-top-column elementor-element elementor-element-387fa495\" data-id=\"387fa495\" data-element_type=\"column\" data-e-type=\"column\">\n\t\t\t<div class=\"elementor-widget-wrap elementor-element-populated\">\n\t\t\t\t\t\t<div class=\"elementor-element elementor-element-75914b09 elementor-widget elementor-widget-text-editor\" data-id=\"75914b09\" data-element_type=\"widget\" data-e-type=\"widget\" data-widget_type=\"text-editor.default\">\n\t\t\t\t<div class=\"elementor-widget-container\">\n\t\t\t\t\t\t\t\t\t<h3 style=\"text-align: center;\"><span style=\"font-weight: 400;\">W\u00e4hlen Sie den Yesovens-Ofen, der am besten zu Ihnen passt<\/span><\/h3>\n\t\t\t\t\t\t\t\t<\/div>\n\t\t\t\t<\/div>\n\t\t\t\t<div class=\"elementor-element elementor-element-5d844d61 elementor-widget elementor-widget-text-editor\" data-id=\"5d844d61\" data-element_type=\"widget\" data-e-type=\"widget\" data-widget_type=\"text-editor.default\">\n\t\t\t\t<div class=\"elementor-widget-container\">\n\t\t\t\t\t\t\t\t\t<h6 style=\"text-align: center;\"><span style=\"font-weight: 400;\">Gemeinsam mit unseren lokalen Partnern beraten wir Sie bei der Auswahl des f\u00fcr Sie am besten geeigneten professionellen Konditoreibackofens. Kontaktieren Sie uns f\u00fcr weitere Informationen.<\/span><\/h6>\n<h6> <\/h6>\n<h6 style=\"text-align: center;\"><span style=\"font-weight: 400;\"> Kontaktieren Sie uns<\/span><span style=\"font-weight: 400;\"><br \/><\/span><\/h6>\n\t\t\t\t\t\t\t\t<\/div>\n\t\t\t\t<\/div>\n\t\t\t\t<div class=\"elementor-element elementor-element-c0b9288 elementor-widget elementor-widget-shortcode\" data-id=\"c0b9288\" data-element_type=\"widget\" data-e-type=\"widget\" data-widget_type=\"shortcode.default\">\n\t\t\t\t<div class=\"elementor-widget-container\">\n\t\t\t\t\t\t\t<div class=\"elementor-shortcode\"><script charset=\"utf-8\" type=\"text\/javascript\" src=\"\/\/js-eu1.hsforms.net\/forms\/embed\/v2.js\"><\/script>\n<script>\n  hbspt.forms.create({\n    region: \"eu1\",\n    portalId: \"145537479\",\n    formId: \"862e5fe3-7c9a-445d-bbce-50f62f887793\"\n  });\n<\/script><\/div>\n\t\t\t\t\t\t<\/div>\n\t\t\t\t<\/div>\n\t\t\t\t\t<\/div>\n\t\t<\/div>\n\t\t\t\t\t<\/div>\n\t\t<\/section>\n\t\t\t\t<\/div>\n\t\t","protected":false},"excerpt":{"rendered":"<p>YESOVENS Taos Digitaler Profi-Komibackofen f\u00fcr Konditoreien, B\u00e4ckereien und Pizzerien TAOS ist der Konditorei Kombi-Backofen der Arte Bianca-Linie von Yesovens, der speziell f\u00fcr die anspruchsvollsten Konditoren und B\u00e4ckermeister auf der Suche nach Exzellenz entwickelt und hergestellt wurde. W\u00e4hlen Sie zwischen Hei\u00dfluft-, Kombi- und Dampfgaren, stellen Sie&#8230;<\/p>\n","protected":false},"author":1,"featured_media":0,"parent":11691,"menu_order":0,"comment_status":"closed","ping_status":"closed","template":"full_width.php","meta":{"_acf_changed":false,"content-type":"","footnotes":""},"class_list":["post-11793","page","type-page","status-publish","hentry"],"acf":[],"_links":{"self":[{"href":"https:\/\/www.yesovens.it\/de\/wp-json\/wp\/v2\/pages\/11793","targetHints":{"allow":["GET"]}}],"collection":[{"href":"https:\/\/www.yesovens.it\/de\/wp-json\/wp\/v2\/pages"}],"about":[{"href":"https:\/\/www.yesovens.it\/de\/wp-json\/wp\/v2\/types\/page"}],"author":[{"embeddable":true,"href":"https:\/\/www.yesovens.it\/de\/wp-json\/wp\/v2\/users\/1"}],"replies":[{"embeddable":true,"href":"https:\/\/www.yesovens.it\/de\/wp-json\/wp\/v2\/comments?post=11793"}],"version-history":[{"count":0,"href":"https:\/\/www.yesovens.it\/de\/wp-json\/wp\/v2\/pages\/11793\/revisions"}],"up":[{"embeddable":true,"href":"https:\/\/www.yesovens.it\/de\/wp-json\/wp\/v2\/pages\/11691"}],"wp:attachment":[{"href":"https:\/\/www.yesovens.it\/de\/wp-json\/wp\/v2\/media?parent=11793"}],"curies":[{"name":"wp","href":"https:\/\/api.w.org\/{rel}","templated":true}]}}